{"id":11317,"date":"2020-05-28T10:25:53","date_gmt":"2020-05-28T13:25:53","guid":{"rendered":"https:\/\/soberanadistribuidora.com.br\/site\/?post_type=product&#038;p=11317"},"modified":"2020-09-03T09:05:33","modified_gmt":"2020-09-03T12:05:33","slug":"porta-frios-inox-com-tampa-em-acrilico","status":"publish","type":"product","link":"https:\/\/soberanadistribuidora.com.br\/site\/?product=porta-frios-inox-com-tampa-em-acrilico","title":{"rendered":"Porta Frios Inox com Tampa em Acr\u00edlico"},"content":{"rendered":"<p>O porta frios em inox duplo da Mak-inox \u00e9 bonito e resistente, e vai te ajudar a manter seus frios conservados por um longo per\u00edodo, dando uma imagem mais sofisticada para a sua mesa.<\/p>\n<p>Devido \u00e0s suas caracter\u00edsticas, o a\u00e7o inox n\u00e3o descasca, n\u00e3o escurece com o tempo e n\u00e3o requer t\u00e9cnicas complicadas para ser mantido sempre bonito. A resist\u00eancia do a\u00e7o inox permite sua utiliza\u00e7\u00e3o em temperaturas baixas e altas.<\/p>\n<p>Acompanha pegador em a\u00e7o inox e tampa de acr\u00edlico transparente.<\/p>\n<p>Para lavar o inox, bastam sab\u00e3o ou detergente neutro e \u00e1gua. Seque tudo com pano macio para evitar marcas d\u2019\u00e1gua.<\/p>\n<p>O uso convencional da m\u00e1quina de lavar lou\u00e7as tamb\u00e9m \u00e9 recomendado.<\/p>\n<p>Nunca use esponja de a\u00e7o comum para limpar o inox.<\/p>\n","protected":false},"excerpt":{"rendered":"<p><strong>Marca:<\/strong> Mak-inox<\/p>\n","protected":false},"featured_media":11318,"comment_status":"open","ping_status":"closed","template":"","meta":{"_monsterinsights_skip_tracking":false,"_monsterinsights_sitenote_active":false,"_monsterinsights_sitenote_note":"","_monsterinsights_sitenote_category":0},"class_list":{"0":"post-11317","1":"product","2":"type-product","3":"status-publish","4":"has-post-thumbnail","6":"product_cat-inox","7":"product_cat-mak-inox","8":"product_shipping_class-correios","10":"first","11":"instock","12":"shipping-taxable","13":"product-type-simple"},"yoast_head":"<!-- This site is optimized with the Yoast SEO plugin v15.4 - https:\/\/yoast.com\/wordpress\/plugins\/seo\/ -->\n<title>Porta Frios Inox com Tampa em Acr\u00edlico | Soberana Distribuidora<\/title>\n<meta name=\"description\" content=\"O porta frios em inox duplo da Mak-inox \u00e9 bonito e resistente, e vai te ajudar a manter seus frios conservados por um longo per\u00edodo. Confira!\" \/>\n<meta name=\"robots\" content=\"index, follow, max-snippet:-1, max-image-preview:large, max-video-preview:-1\" \/>\n<link rel=\"canonical\" href=\"https:\/\/soberanadistribuidora.com.br\/site\/?product=porta-frios-inox-com-tampa-em-acrilico\" \/>\n<meta property=\"og:locale\" content=\"pt_BR\" \/>\n<meta property=\"og:type\" content=\"article\" \/>\n<meta property=\"og:title\" content=\"Porta Frios Inox com Tampa em Acr\u00edlico | Soberana Distribuidora\" \/>\n<meta property=\"og:description\" content=\"O porta frios em inox duplo da Mak-inox \u00e9 bonito e resistente, e vai te ajudar a manter seus frios conservados por um longo per\u00edodo. Confira!\" \/>\n<meta property=\"og:url\" content=\"https:\/\/soberanadistribuidora.com.br\/site\/?product=porta-frios-inox-com-tampa-em-acrilico\" \/>\n<meta property=\"og:site_name\" content=\"Soberana Distribuidora\" \/>\n<meta property=\"article:publisher\" content=\"https:\/\/www.facebook.com\/soberanadistribuidora\" \/>\n<meta property=\"article:modified_time\" content=\"2020-09-03T12:05:33+00:00\" \/>\n<meta property=\"og:image\" content=\"https:\/\/soberanadistribuidora.com.br\/site\/wp-content\/uploads\/2020\/05\/porta-frios-makinox.jpg\" \/>\n\t<meta property=\"og:image:width\" content=\"600\" \/>\n\t<meta property=\"og:image:height\" content=\"600\" \/>\n<meta name=\"twitter:card\" content=\"summary_large_image\" \/>\n<meta name=\"twitter:label1\" content=\"Written by\">\n\t<meta name=\"twitter:data1\" content=\"Clara Gon\u00e7alves de Oliveira\">\n\t<meta name=\"twitter:label2\" content=\"Est. reading time\">\n\t<meta name=\"twitter:data2\" content=\"1 minuto\">\n<script type=\"application\/ld+json\" class=\"yoast-schema-graph\">{\"@context\":\"https:\/\/schema.org\",\"@graph\":[{\"@type\":\"Organization\",\"@id\":\"https:\/\/soberanadistribuidora.com.br\/site\/#organization\",\"name\":\"Soberana Distribuidora\",\"url\":\"https:\/\/soberanadistribuidora.com.br\/site\/\",\"sameAs\":[\"https:\/\/www.facebook.com\/soberanadistribuidora\",\"https:\/\/www.instagram.com\/soberanadistribuidora\/\"],\"logo\":{\"@type\":\"ImageObject\",\"@id\":\"https:\/\/soberanadistribuidora.com.br\/site\/#logo\",\"inLanguage\":\"pt-BR\",\"url\":\"https:\/\/soberanadistribuidora.com.br\/site\/wp-content\/uploads\/2020\/04\/sob.png\",\"width\":244,\"height\":85,\"caption\":\"Soberana Distribuidora\"},\"image\":{\"@id\":\"https:\/\/soberanadistribuidora.com.br\/site\/#logo\"}},{\"@type\":\"WebSite\",\"@id\":\"https:\/\/soberanadistribuidora.com.br\/site\/#website\",\"url\":\"https:\/\/soberanadistribuidora.com.br\/site\/\",\"name\":\"Soberana Distribuidora\",\"description\":\"Utens\\u00edlios de cozinha para bares, hot\\u00e9is e restaurantes\",\"publisher\":{\"@id\":\"https:\/\/soberanadistribuidora.com.br\/site\/#organization\"},\"potentialAction\":[{\"@type\":\"SearchAction\",\"target\":\"https:\/\/soberanadistribuidora.com.br\/site\/?s={search_term_string}\",\"query-input\":\"required name=search_term_string\"}],\"inLanguage\":\"pt-BR\"},{\"@type\":\"ImageObject\",\"@id\":\"https:\/\/soberanadistribuidora.com.br\/site\/?product=porta-frios-inox-com-tampa-em-acrilico#primaryimage\",\"inLanguage\":\"pt-BR\",\"url\":\"https:\/\/soberanadistribuidora.com.br\/site\/wp-content\/uploads\/2020\/05\/porta-frios-makinox.jpg\",\"width\":600,\"height\":600,\"caption\":\"porta-frios\"},{\"@type\":\"WebPage\",\"@id\":\"https:\/\/soberanadistribuidora.com.br\/site\/?product=porta-frios-inox-com-tampa-em-acrilico#webpage\",\"url\":\"https:\/\/soberanadistribuidora.com.br\/site\/?product=porta-frios-inox-com-tampa-em-acrilico\",\"name\":\"Porta Frios Inox com Tampa em Acr\\u00edlico | Soberana Distribuidora\",\"isPartOf\":{\"@id\":\"https:\/\/soberanadistribuidora.com.br\/site\/#website\"},\"primaryImageOfPage\":{\"@id\":\"https:\/\/soberanadistribuidora.com.br\/site\/?product=porta-frios-inox-com-tampa-em-acrilico#primaryimage\"},\"datePublished\":\"2020-05-28T13:25:53+00:00\",\"dateModified\":\"2020-09-03T12:05:33+00:00\",\"description\":\"O porta frios em inox duplo da Mak-inox \\u00e9 bonito e resistente, e vai te ajudar a manter seus frios conservados por um longo per\\u00edodo. Confira!\",\"inLanguage\":\"pt-BR\",\"potentialAction\":[{\"@type\":\"ReadAction\",\"target\":[\"https:\/\/soberanadistribuidora.com.br\/site\/?product=porta-frios-inox-com-tampa-em-acrilico\"]}]}]}<\/script>\n<!-- \/ Yoast SEO plugin. -->","_links":{"self":[{"href":"https:\/\/soberanadistribuidora.com.br\/site\/index.php?rest_route=\/wp\/v2\/product\/11317","targetHints":{"allow":["GET"]}}],"collection":[{"href":"https:\/\/soberanadistribuidora.com.br\/site\/index.php?rest_route=\/wp\/v2\/product"}],"about":[{"href":"https:\/\/soberanadistribuidora.com.br\/site\/index.php?rest_route=\/wp\/v2\/types\/product"}],"replies":[{"embeddable":true,"href":"https:\/\/soberanadistribuidora.com.br\/site\/index.php?rest_route=%2Fwp%2Fv2%2Fcomments&post=11317"}],"wp:featuredmedia":[{"embeddable":true,"href":"https:\/\/soberanadistribuidora.com.br\/site\/index.php?rest_route=\/wp\/v2\/media\/11318"}],"wp:attachment":[{"href":"https:\/\/soberanadistribuidora.com.br\/site\/index.php?rest_route=%2Fwp%2Fv2%2Fmedia&parent=11317"}],"curies":[{"name":"wp","href":"https:\/\/api.w.org\/{rel}","templated":true}]}}