{"id":10904,"date":"2020-05-19T11:48:30","date_gmt":"2020-05-19T14:48:30","guid":{"rendered":"http:\/\/soberanadistribuidora.com.br\/site\/?post_type=product&#038;p=10904"},"modified":"2020-09-03T14:15:57","modified_gmt":"2020-09-03T17:15:57","slug":"suporte-pedra-afiar-aluminio-picelli","status":"publish","type":"product","link":"https:\/\/soberanadistribuidora.com.br\/site\/?product=suporte-pedra-afiar-aluminio-picelli","title":{"rendered":"Suporte Pedra Afiar Alum\u00ednio"},"content":{"rendered":"<p>Suporte pr\u00f3prio para prender pedras de afiar facas.<\/p>\n<p>Pr\u00e1tico e de montagem r\u00e1pida, contribui muito para um excelente resultado no processo de afia\u00e7\u00e3o das suas facas.<\/p>\n<p>Compat\u00edvel com pedras de afiar de 20cm.<\/p>\n","protected":false},"excerpt":{"rendered":"<p><strong>Marca<\/strong>: Picelli<\/p>\n","protected":false},"featured_media":10905,"comment_status":"open","ping_status":"closed","template":"","meta":{"_monsterinsights_skip_tracking":false,"_monsterinsights_sitenote_active":false,"_monsterinsights_sitenote_note":"","_monsterinsights_sitenote_category":0},"class_list":{"0":"post-10904","1":"product","2":"type-product","3":"status-publish","4":"has-post-thumbnail","6":"product_cat-diversos","7":"product_shipping_class-correios","9":"first","10":"instock","11":"shipping-taxable","12":"product-type-simple"},"yoast_head":"<!-- This site is optimized with the Yoast SEO plugin v15.4 - https:\/\/yoast.com\/wordpress\/plugins\/seo\/ -->\n<title>Suporte Pedra Afiar Alum\u00ednio | Soberana Distribuidora<\/title>\n<meta name=\"description\" content=\"Suporte pr\u00f3prio para prender pedras de afiar facas. Pr\u00e1tico e de montagem r\u00e1pida, contribui para um excelente resultado na afia\u00e7\u00e3o das suas facas.\" \/>\n<meta name=\"robots\" content=\"index, follow, max-snippet:-1, max-image-preview:large, max-video-preview:-1\" \/>\n<link rel=\"canonical\" href=\"https:\/\/soberanadistribuidora.com.br\/site\/?product=suporte-pedra-afiar-aluminio-picelli\" \/>\n<meta property=\"og:locale\" content=\"pt_BR\" \/>\n<meta property=\"og:type\" content=\"article\" \/>\n<meta property=\"og:title\" content=\"Suporte Pedra Afiar Alum\u00ednio | Soberana Distribuidora\" \/>\n<meta property=\"og:description\" content=\"Suporte pr\u00f3prio para prender pedras de afiar facas. Pr\u00e1tico e de montagem r\u00e1pida, contribui para um excelente resultado na afia\u00e7\u00e3o das suas facas.\" \/>\n<meta property=\"og:url\" content=\"https:\/\/soberanadistribuidora.com.br\/site\/?product=suporte-pedra-afiar-aluminio-picelli\" \/>\n<meta property=\"og:site_name\" content=\"Soberana Distribuidora\" \/>\n<meta property=\"article:publisher\" content=\"https:\/\/www.facebook.com\/soberanadistribuidora\" \/>\n<meta property=\"article:modified_time\" content=\"2020-09-03T17:15:57+00:00\" \/>\n<meta property=\"og:image\" content=\"https:\/\/soberanadistribuidora.com.br\/site\/wp-content\/uploads\/2020\/05\/suporte-pedra-aluminio-picelli.jpg\" \/>\n\t<meta property=\"og:image:width\" content=\"600\" \/>\n\t<meta property=\"og:image:height\" content=\"600\" \/>\n<meta name=\"twitter:card\" content=\"summary_large_image\" \/>\n<meta name=\"twitter:label1\" content=\"Written by\">\n\t<meta name=\"twitter:data1\" content=\"Clara Gon\u00e7alves de Oliveira\">\n\t<meta name=\"twitter:label2\" content=\"Est. reading time\">\n\t<meta name=\"twitter:data2\" content=\"0 minuto\">\n<script type=\"application\/ld+json\" class=\"yoast-schema-graph\">{\"@context\":\"https:\/\/schema.org\",\"@graph\":[{\"@type\":\"Organization\",\"@id\":\"https:\/\/soberanadistribuidora.com.br\/site\/#organization\",\"name\":\"Soberana Distribuidora\",\"url\":\"https:\/\/soberanadistribuidora.com.br\/site\/\",\"sameAs\":[\"https:\/\/www.facebook.com\/soberanadistribuidora\",\"https:\/\/www.instagram.com\/soberanadistribuidora\/\"],\"logo\":{\"@type\":\"ImageObject\",\"@id\":\"https:\/\/soberanadistribuidora.com.br\/site\/#logo\",\"inLanguage\":\"pt-BR\",\"url\":\"https:\/\/soberanadistribuidora.com.br\/site\/wp-content\/uploads\/2020\/04\/sob.png\",\"width\":244,\"height\":85,\"caption\":\"Soberana Distribuidora\"},\"image\":{\"@id\":\"https:\/\/soberanadistribuidora.com.br\/site\/#logo\"}},{\"@type\":\"WebSite\",\"@id\":\"https:\/\/soberanadistribuidora.com.br\/site\/#website\",\"url\":\"https:\/\/soberanadistribuidora.com.br\/site\/\",\"name\":\"Soberana Distribuidora\",\"description\":\"Utens\\u00edlios de cozinha para bares, hot\\u00e9is e restaurantes\",\"publisher\":{\"@id\":\"https:\/\/soberanadistribuidora.com.br\/site\/#organization\"},\"potentialAction\":[{\"@type\":\"SearchAction\",\"target\":\"https:\/\/soberanadistribuidora.com.br\/site\/?s={search_term_string}\",\"query-input\":\"required name=search_term_string\"}],\"inLanguage\":\"pt-BR\"},{\"@type\":\"ImageObject\",\"@id\":\"https:\/\/soberanadistribuidora.com.br\/site\/?product=suporte-pedra-afiar-aluminio-picelli#primaryimage\",\"inLanguage\":\"pt-BR\",\"url\":\"https:\/\/soberanadistribuidora.com.br\/site\/wp-content\/uploads\/2020\/05\/suporte-pedra-aluminio-picelli.jpg\",\"width\":600,\"height\":600,\"caption\":\"suporte-pedra\"},{\"@type\":\"WebPage\",\"@id\":\"https:\/\/soberanadistribuidora.com.br\/site\/?product=suporte-pedra-afiar-aluminio-picelli#webpage\",\"url\":\"https:\/\/soberanadistribuidora.com.br\/site\/?product=suporte-pedra-afiar-aluminio-picelli\",\"name\":\"Suporte Pedra Afiar Alum\\u00ednio | Soberana Distribuidora\",\"isPartOf\":{\"@id\":\"https:\/\/soberanadistribuidora.com.br\/site\/#website\"},\"primaryImageOfPage\":{\"@id\":\"https:\/\/soberanadistribuidora.com.br\/site\/?product=suporte-pedra-afiar-aluminio-picelli#primaryimage\"},\"datePublished\":\"2020-05-19T14:48:30+00:00\",\"dateModified\":\"2020-09-03T17:15:57+00:00\",\"description\":\"Suporte pr\\u00f3prio para prender pedras de afiar facas. Pr\\u00e1tico e de montagem r\\u00e1pida, contribui para um excelente resultado na afia\\u00e7\\u00e3o das suas facas.\",\"inLanguage\":\"pt-BR\",\"potentialAction\":[{\"@type\":\"ReadAction\",\"target\":[\"https:\/\/soberanadistribuidora.com.br\/site\/?product=suporte-pedra-afiar-aluminio-picelli\"]}]}]}<\/script>\n<!-- \/ Yoast SEO plugin. -->","_links":{"self":[{"href":"https:\/\/soberanadistribuidora.com.br\/site\/index.php?rest_route=\/wp\/v2\/product\/10904","targetHints":{"allow":["GET"]}}],"collection":[{"href":"https:\/\/soberanadistribuidora.com.br\/site\/index.php?rest_route=\/wp\/v2\/product"}],"about":[{"href":"https:\/\/soberanadistribuidora.com.br\/site\/index.php?rest_route=\/wp\/v2\/types\/product"}],"replies":[{"embeddable":true,"href":"https:\/\/soberanadistribuidora.com.br\/site\/index.php?rest_route=%2Fwp%2Fv2%2Fcomments&post=10904"}],"wp:featuredmedia":[{"embeddable":true,"href":"https:\/\/soberanadistribuidora.com.br\/site\/index.php?rest_route=\/wp\/v2\/media\/10905"}],"wp:attachment":[{"href":"https:\/\/soberanadistribuidora.com.br\/site\/index.php?rest_route=%2Fwp%2Fv2%2Fmedia&parent=10904"}],"curies":[{"name":"wp","href":"https:\/\/api.w.org\/{rel}","templated":true}]}}