{"id":10896,"date":"2020-05-19T10:56:52","date_gmt":"2020-05-19T13:56:52","guid":{"rendered":"http:\/\/soberanadistribuidora.com.br\/site\/?post_type=product&#038;p=10896"},"modified":"2020-09-03T14:15:57","modified_gmt":"2020-09-03T17:15:57","slug":"pedra-afiar-combinada-carborundum","status":"publish","type":"product","link":"https:\/\/soberanadistribuidora.com.br\/site\/?product=pedra-afiar-combinada-carborundum","title":{"rendered":"Pedra Afiar Combinada 20&#215;5 cm"},"content":{"rendered":"<p>Agora voc\u00ea poder\u00e1 amolar suas facas com muito mais praticidade e seguran\u00e7a.<\/p>\n<p>Possui uma camada grossa para o desbaste e uma camada fina para acabamento.<\/p>\n<p>Use para afiar ferramentas cortantes, form\u00f5es e cutelaria em geral.<\/p>\n<p>Antes de usar, \u00e9 necess\u00e1rio molhar a pedra e depois deix\u00e1-la em um recipiente com \u00e1gua por alguns minutos. Logo depois retire a \u00e1gua e posicione a pedra em superf\u00edcie plana e lisa, deslize a faca com a l\u00e2mina em um \u00e2ngulo de aproximadamente 30\u00b0 e afie utilizando toda a superf\u00edcie da pedra, para manter uma uniformidade.<\/p>\n","protected":false},"excerpt":{"rendered":"<p><strong>Marca<\/strong>: Carborundum<\/p>\n","protected":false},"featured_media":10897,"comment_status":"open","ping_status":"closed","template":"","meta":{"_monsterinsights_skip_tracking":false,"_monsterinsights_sitenote_active":false,"_monsterinsights_sitenote_note":"","_monsterinsights_sitenote_category":0},"class_list":{"0":"post-10896","1":"product","2":"type-product","3":"status-publish","4":"has-post-thumbnail","6":"product_cat-diversos","7":"product_shipping_class-correios","9":"first","10":"instock","11":"shipping-taxable","12":"product-type-simple"},"yoast_head":"<!-- This site is optimized with the Yoast SEO plugin v15.4 - https:\/\/yoast.com\/wordpress\/plugins\/seo\/ -->\n<title>Pedra Afiar Combinada 20x5 cm | Soberana Distribuidora<\/title>\n<meta name=\"description\" content=\"Agora voc\u00ea poder\u00e1 amolar suas facas com muito mais praticidade e seguran\u00e7a utilizando a pedra de afiar da Carborundum. Confira!\" \/>\n<meta name=\"robots\" content=\"index, follow, max-snippet:-1, max-image-preview:large, max-video-preview:-1\" \/>\n<link rel=\"canonical\" href=\"https:\/\/soberanadistribuidora.com.br\/site\/?product=pedra-afiar-combinada-carborundum\" \/>\n<meta property=\"og:locale\" content=\"pt_BR\" \/>\n<meta property=\"og:type\" content=\"article\" \/>\n<meta property=\"og:title\" content=\"Pedra Afiar Combinada 20x5 cm | Soberana Distribuidora\" \/>\n<meta property=\"og:description\" content=\"Agora voc\u00ea poder\u00e1 amolar suas facas com muito mais praticidade e seguran\u00e7a utilizando a pedra de afiar da Carborundum. Confira!\" \/>\n<meta property=\"og:url\" content=\"https:\/\/soberanadistribuidora.com.br\/site\/?product=pedra-afiar-combinada-carborundum\" \/>\n<meta property=\"og:site_name\" content=\"Soberana Distribuidora\" \/>\n<meta property=\"article:publisher\" content=\"https:\/\/www.facebook.com\/soberanadistribuidora\" \/>\n<meta property=\"article:modified_time\" content=\"2020-09-03T17:15:57+00:00\" \/>\n<meta property=\"og:image\" content=\"https:\/\/soberanadistribuidora.com.br\/site\/wp-content\/uploads\/2020\/05\/pedra-afiar-combinada-carborundum.jpg\" \/>\n\t<meta property=\"og:image:width\" content=\"600\" \/>\n\t<meta property=\"og:image:height\" content=\"600\" \/>\n<meta name=\"twitter:card\" content=\"summary_large_image\" \/>\n<meta name=\"twitter:label1\" content=\"Written by\">\n\t<meta name=\"twitter:data1\" content=\"Clara Gon\u00e7alves de Oliveira\">\n\t<meta name=\"twitter:label2\" content=\"Est. reading time\">\n\t<meta name=\"twitter:data2\" content=\"0 minuto\">\n<script type=\"application\/ld+json\" class=\"yoast-schema-graph\">{\"@context\":\"https:\/\/schema.org\",\"@graph\":[{\"@type\":\"Organization\",\"@id\":\"https:\/\/soberanadistribuidora.com.br\/site\/#organization\",\"name\":\"Soberana Distribuidora\",\"url\":\"https:\/\/soberanadistribuidora.com.br\/site\/\",\"sameAs\":[\"https:\/\/www.facebook.com\/soberanadistribuidora\",\"https:\/\/www.instagram.com\/soberanadistribuidora\/\"],\"logo\":{\"@type\":\"ImageObject\",\"@id\":\"https:\/\/soberanadistribuidora.com.br\/site\/#logo\",\"inLanguage\":\"pt-BR\",\"url\":\"https:\/\/soberanadistribuidora.com.br\/site\/wp-content\/uploads\/2020\/04\/sob.png\",\"width\":244,\"height\":85,\"caption\":\"Soberana Distribuidora\"},\"image\":{\"@id\":\"https:\/\/soberanadistribuidora.com.br\/site\/#logo\"}},{\"@type\":\"WebSite\",\"@id\":\"https:\/\/soberanadistribuidora.com.br\/site\/#website\",\"url\":\"https:\/\/soberanadistribuidora.com.br\/site\/\",\"name\":\"Soberana Distribuidora\",\"description\":\"Utens\\u00edlios de cozinha para bares, hot\\u00e9is e restaurantes\",\"publisher\":{\"@id\":\"https:\/\/soberanadistribuidora.com.br\/site\/#organization\"},\"potentialAction\":[{\"@type\":\"SearchAction\",\"target\":\"https:\/\/soberanadistribuidora.com.br\/site\/?s={search_term_string}\",\"query-input\":\"required name=search_term_string\"}],\"inLanguage\":\"pt-BR\"},{\"@type\":\"ImageObject\",\"@id\":\"https:\/\/soberanadistribuidora.com.br\/site\/?product=pedra-afiar-combinada-carborundum#primaryimage\",\"inLanguage\":\"pt-BR\",\"url\":\"https:\/\/soberanadistribuidora.com.br\/site\/wp-content\/uploads\/2020\/05\/pedra-afiar-combinada-carborundum.jpg\",\"width\":600,\"height\":600,\"caption\":\"pedra-afiar\"},{\"@type\":\"WebPage\",\"@id\":\"https:\/\/soberanadistribuidora.com.br\/site\/?product=pedra-afiar-combinada-carborundum#webpage\",\"url\":\"https:\/\/soberanadistribuidora.com.br\/site\/?product=pedra-afiar-combinada-carborundum\",\"name\":\"Pedra Afiar Combinada 20x5 cm | Soberana Distribuidora\",\"isPartOf\":{\"@id\":\"https:\/\/soberanadistribuidora.com.br\/site\/#website\"},\"primaryImageOfPage\":{\"@id\":\"https:\/\/soberanadistribuidora.com.br\/site\/?product=pedra-afiar-combinada-carborundum#primaryimage\"},\"datePublished\":\"2020-05-19T13:56:52+00:00\",\"dateModified\":\"2020-09-03T17:15:57+00:00\",\"description\":\"Agora voc\\u00ea poder\\u00e1 amolar suas facas com muito mais praticidade e seguran\\u00e7a utilizando a pedra de afiar da Carborundum. Confira!\",\"inLanguage\":\"pt-BR\",\"potentialAction\":[{\"@type\":\"ReadAction\",\"target\":[\"https:\/\/soberanadistribuidora.com.br\/site\/?product=pedra-afiar-combinada-carborundum\"]}]}]}<\/script>\n<!-- \/ Yoast SEO plugin. -->","_links":{"self":[{"href":"https:\/\/soberanadistribuidora.com.br\/site\/index.php?rest_route=\/wp\/v2\/product\/10896","targetHints":{"allow":["GET"]}}],"collection":[{"href":"https:\/\/soberanadistribuidora.com.br\/site\/index.php?rest_route=\/wp\/v2\/product"}],"about":[{"href":"https:\/\/soberanadistribuidora.com.br\/site\/index.php?rest_route=\/wp\/v2\/types\/product"}],"replies":[{"embeddable":true,"href":"https:\/\/soberanadistribuidora.com.br\/site\/index.php?rest_route=%2Fwp%2Fv2%2Fcomments&post=10896"}],"wp:featuredmedia":[{"embeddable":true,"href":"https:\/\/soberanadistribuidora.com.br\/site\/index.php?rest_route=\/wp\/v2\/media\/10897"}],"wp:attachment":[{"href":"https:\/\/soberanadistribuidora.com.br\/site\/index.php?rest_route=%2Fwp%2Fv2%2Fmedia&parent=10896"}],"curies":[{"name":"wp","href":"https:\/\/api.w.org\/{rel}","templated":true}]}}